{"id":8515,"date":"2021-07-12T12:37:09","date_gmt":"2021-07-12T12:37:09","guid":{"rendered":"https:\/\/www.sensortherm.de\/?page_id=8515"},"modified":"2026-08-24T14:03:17","modified_gmt":"2026-08-24T14:03:17","slug":"karriere","status":"publish","type":"page","link":"https:\/\/www.sensortherm.de\/en\/career\/","title":{"rendered":"Career"},"content":{"rendered":"<div class=\"et_pb_section_0 et_pb_section et_section_regular et_block_section\">\n<div class=\"et_pb_row_0 et_pb_row et_block_row\">\n<div class=\"et_pb_column_0 et_pb_column et_pb_column_4_4 et-last-child et_block_column et_pb_css_mix_blend_mode_passthrough\">\n<div class=\"et_pb_text_0 et_pb_text et_pb_bg_layout_light et_pb_module et_block_module\"><div class=\"et_pb_text_inner\"><h1>Career<\/h1>\n<\/div><\/div>\n<\/div>\n<\/div>\n\n<div class=\"et_pb_row_1 et_pb_row et_pb_gutters2 et_block_row\">\n<div class=\"et_pb_column_1 et_pb_column et_pb_column_4_4 et-last-child et_block_column et_pb_css_mix_blend_mode_passthrough\">\n\n\n<div class=\"et_pb_text_2 et_pb_text et_pb_bg_layout_light et_pb_module et_block_module\"><div class=\"et_pb_text_inner\"><p>Zur Verst\u00e4rkung unseres Teams suchen wir ab sofort eine<\/p>\n<h2><b>Teamleitung f\u00fcr die Auftrags- und Exportabwicklung (m\/w\/d)<\/b><\/h2>\n<p><strong>Start: <\/strong>ab sofort<br \/><strong>Dauer: <\/strong>unbegrenzt in Vollzeit<br \/><strong>Art der Stelle:<\/strong> Festanstellung<\/p>\n<p><strong>Your tasks<\/strong><\/p>\n<ul>\n<li>Sicherstellung der Einhaltung von Zoll-, Au\u00dfenwirtschafts- und Exportkontrollvorschriften im Unternehmen<\/li>\n<li>Tarifierung von Waren, \u00dcberpr\u00fcfung auf Genehmigungspflicht und Dual-Use-Eigenschaften sowie Pflege der Stammdaten im ERP-System (Sage)<\/li>\n<li>Hauptverantwortung f\u00fcr Warenursprung und Pr\u00e4ferenzen unter Ber\u00fccksichtigung der zollrechtlichen Ursprungs- und Pr\u00e4ferenzbestimmungen<\/li>\n<li>Koordination bei Kunden- und Qualit\u00e4tsaudits<\/li>\n<li>Reklamationsmanagement<\/li>\n<li>Pr\u00fcfung und Freigabe von Rechnungen<\/li>\n<li>Die fachliche und disziplinarische F\u00fchrung sowie F\u00f6rderung und Weiterentwicklung des Innendienstteams<\/li>\n<li>Sie sind verantwortlich f\u00fcr die Pflege und den Ausbau bestehender Kundenbeziehungen und stellen reibungslose Kommunikation und professionelle Betreuung mit diesen sicher<\/li>\n<li>Sie sind f\u00fcr die Weiterentwicklung und Optimierung der vorhandenen Strukturen und Prozesse verantwortlich, so gestalten Sie z.B. die Beschaffungsprozesse und entwickeln Kostensenkungsprogramme weiter<\/li>\n<li>Sie stellen eine motivierende Zusammenarbeit und offene Kommunikation mit anderen Abteilungen sicher und beantworten deren Fragen<\/li>\n<\/ul>\n<p><strong>Voraussetzungen \/ Profil<\/strong><\/p>\n<ul>\n<li>Sie k\u00f6nnen ein erfolgreich abgeschlossenes Studium mit Schwerpunkt Logistik, alternativ eine erfolgreich abgeschlossene kaufm\u00e4nnische \/ technische Berufsausbildung mit Zusatzqualifikation im Bereich Zoll und Exportkontrolle (oder vergleichbar) vorweisen<\/li>\n<li>Konnten mindestens drei Jahre lang praktische Berufserfahrung im Bereich Zoll- und Exportkontrolle sammeln<\/li>\n<li>Gute Kenntnisse im Ausfuhr- und Zollrecht (AWG, EG-Dual-Use-VO, US- (Re-)Exportrecht und UZK)<\/li>\n<li>Pers\u00f6nlich \u00fcberzeugen Sie durch Ausgepr\u00e4gtes Verantwortungsbewusstsein, gute Analyse- und Kommunikationsf\u00e4higkeit, strukturierte Arbeitsweise und eine teamorientierte Arbeitsweise<\/li>\n<li>Fundierte Kenntnisse in den g\u00e4ngigen MS-Office Anwendungen (Erfahrung mit Sage 100 ERP w\u00fcnschenswert, aber keine Bedingung)<\/li>\n<li>Sie verf\u00fcgen \u00fcber eine konzeptionelle und bereichs\u00fcbergreifende Denkweise<\/li>\n<li>Sie beherrschen die deutsche Sprache flie\u00dfend und verf\u00fcgen \u00fcber gute Englischkenntnisse in Wort und Schrift.<\/li>\n<\/ul>\n<p><strong>Wir bieten<\/strong><\/p>\n<ul>\n<li>Einen zukunftssicheren Arbeitsplatz<\/li>\n<li>Weiterbildungsm\u00f6glichkeiten und Fachschulungen<\/li>\n<li>Zuwendungen zu bestimmten Anl\u00e4ssen<\/li>\n<li>Teamevents und Jahresabschlussfeier<\/li>\n<li>Sehr hohes Umweltbewusstsein<\/li>\n<li>Moderne Arbeitspl\u00e4tze \/ Produktion und B\u00fcro<\/li>\n<li>Weitere betr. Benefits wie JobRad, Lades\u00e4ulen f\u00fcr E-Autos etc.<\/li>\n<li>Weihnachtsgeld<\/li>\n<li>Kostenfreie Getr\u00e4nke und kostenfreies Obst<\/li>\n<\/ul>\n<p><strong>Interested?<\/strong><\/p>\n<p>Sollten wir Ihr Interesse geweckt haben, freuen wir uns auf Ihre aussagef\u00e4higen Bewerbungsunterlagen an <a href=\"mailto:karriere@sensortherm.de\">karriere@sensortherm.de<\/a><br \/><strong><br \/><\/strong><strong>Leistungen:<\/strong><\/p>\n<ul>\n<li>Betriebliche Altersvorsorge<\/li>\n<li>Betriebliche Weiterbildung<\/li>\n<li>Betriebsarzt\/Betriebs\u00e4rztin<\/li>\n<li>Firmenevents<\/li>\n<li>Flexible Arbeitszeiten<\/li>\n<li>Homeoffice-M\u00f6glichkeit<\/li>\n<li>Kostenlose Getr\u00e4nke<\/li>\n<li>Kostenloser Parkplatz<\/li>\n<\/ul>\n<p><strong>Arbeitsort:<\/strong> Vor Ort<\/p>\n<\/div><\/div>\n\n<div class=\"et_pb_text_3 et_pb_text et_pb_bg_layout_light et_pb_module et_flex_module\"><div class=\"et_pb_text_inner\"><h2><strong>Werkstudent (m\/w\/d) Content Creation &amp; Social Media<\/strong><\/h2>\n<p><strong>Standort:\u00a0<\/strong>(z.\u202fB. Steinbach (Taunus) \/ Remote m\u00f6glich)<br \/><strong>Eintritt:\u00a0<\/strong>ab sofort \/ nach Vereinbarung<br \/><strong>Umfang:\u00a0<\/strong>ca. 15\u201320 Stunden pro Woche<\/p>\n<p><strong>Deine Aufgaben<\/strong><\/p>\n<ul>\n<li>Planung, Erstellung und Ver\u00f6ffentlichung von Content f\u00fcr unsere Social-Media-Kan\u00e4le (LinkedIn, ggf. YouTube)<\/li>\n<li>Entwicklung kreativer Inhalte (Posts, Videos, Stories, Reels) rund um unsere Produkte, Anwendungen und Unternehmensaktivit\u00e4ten<\/li>\n<li>Unterst\u00fctzung bei der Redaktionsplanung und Content-Strategie<\/li>\n<li>Pflege und Weiterentwicklung unseres LinkedIn-Profils<\/li>\n<li>Erstellung von Bild-, Video- und Textmaterial (inkl. einfachem Videoschnitt und Grafikdesign)<\/li>\n<li>Unterst\u00fctzung bei der Auswertung von Social-Media-Kennzahlen und Ableitung von Optimierungsma\u00dfnahmen<\/li>\n<li>Mitwirkung bei Marketing- und Kommunikationskampagnen<\/li>\n<\/ul>\n<p><strong>Dein Profil<\/strong><\/p>\n<ul>\n<li>Eingeschriebener Student (m\/w\/d) im Bereich Marketing, Kommunikation, Medien, BWL oder vergleichbar<\/li>\n<li>Affinit\u00e4t zu Social Media und digitalen Trends<\/li>\n<li>Erste Erfahrungen in Content Creation (z.\u202fB. durch eigene Projekte, Praktika oder Studium)<\/li>\n<li>Sicherer Umgang mit Tools wie Canva, Adobe Creative Suite oder vergleichbaren Programmen von Vorteil<\/li>\n<li>Kreativit\u00e4t, Eigeninitiative und ein gutes Sprachgef\u00fchl (Deutsch &amp; idealerweise Englisch)<\/li>\n<li>Interesse an technischen Produkten und B2B-Kommunikation ist ein Plus<\/li>\n<\/ul>\n<p><strong>Das bieten wir dir<\/strong><\/p>\n<ul>\n<li>Praxiserfahrung in einem innovativen, technologischen Umfeld<\/li>\n<li>Eigenverantwortliches Arbeiten mit viel Gestaltungsspielraum<\/li>\n<li>Flexible Arbeitszeiten, die sich gut mit deinem Studium vereinbaren lassen<\/li>\n<li>Einblicke in modernes B2B-Marketing und Unternehmenskommunikation<\/li>\n<li>M\u00f6glichkeit zur langfristigen Zusammenarbeit<\/li>\n<\/ul>\n<p><strong>Interessiert?<\/strong><\/p>\n<p>Dann freuen wir uns auf deine Bewerbung mit Lebenslauf und ggf. Arbeitsproben (z.\u202fB. Social-Media-Profile, Portfolio oder eigene Projekte).<\/p>\n<p>Kontakt: <a href=\"mailto:karriere@sensortherm.de\">karriere@sensortherm.de<\/a> (Herr Bastians)<\/p>\n<\/div><\/div>\n<\/div>\n<\/div>\n<\/div>","protected":false},"excerpt":{"rendered":"","protected":false},"author":1,"featured_media":0,"parent":0,"menu_order":0,"comment_status":"closed","ping_status":"closed","template":"","meta":{"footnotes":""},"class_list":["post-8515","page","type-page","status-publish","hentry"],"_links":{"self":[{"href":"https:\/\/www.sensortherm.de\/en\/wp-json\/wp\/v2\/pages\/8515","targetHints":{"allow":["GET"]}}],"collection":[{"href":"https:\/\/www.sensortherm.de\/en\/wp-json\/wp\/v2\/pages"}],"about":[{"href":"https:\/\/www.sensortherm.de\/en\/wp-json\/wp\/v2\/types\/page"}],"author":[{"embeddable":true,"href":"https:\/\/www.sensortherm.de\/en\/wp-json\/wp\/v2\/users\/1"}],"replies":[{"embeddable":true,"href":"https:\/\/www.sensortherm.de\/en\/wp-json\/wp\/v2\/comments?post=8515"}],"version-history":[{"count":10,"href":"https:\/\/www.sensortherm.de\/en\/wp-json\/wp\/v2\/pages\/8515\/revisions"}],"predecessor-version":[{"id":13878,"href":"https:\/\/www.sensortherm.de\/en\/wp-json\/wp\/v2\/pages\/8515\/revisions\/13878"}],"wp:attachment":[{"href":"https:\/\/www.sensortherm.de\/en\/wp-json\/wp\/v2\/media?parent=8515"}],"curies":[{"name":"wp","href":"https:\/\/api.w.org\/{rel}","templated":true}]}}